{"version":"1.0","provider_name":"Black Blog","provider_url":"https:\/\/black.cafeblog.hu","author_name":"Lilil\u00e1ny","author_url":"https:\/\/black.cafeblog.hu\/author\/lililany\/","title":"Cs\u0151dbe vitt egy c\u00e9get a Facebook","html":"<p><strong>A Little Things nev\u0171 oldal forgalma mintegy 75 sz\u00e1zal\u00e9kkal esett vissza a Facebook miatt, \u00edgy v\u00e9gleg be kellett z\u00e1rni - \u00edrja a <a href=\"http:\/\/hvg.hu\/tudomany\/20180301_facebook_hirfolyam_valtozas_algoritmus_little_things\" target=\"_blank\" rel=\"noopener\">hvg.hu.<\/a><\/strong><\/p>\r\n<p><!--more--><\/p>\r\n<p><img class=\"alignnone size-full wp-image-1470\" src=\"https:\/\/black.cafeblog.hu\/files\/2018\/02\/facebook.jpg\" alt=\"\" width=\"1125\" height=\"750\" \/><\/p>\r\n<p>A Facebook algoritmus\u00e1nak v\u00e1ltoz\u00e1s\u00e1nak k\u00f6sz\u00f6nhet\u0151en ma m\u00e1r sokkal t\u00f6bb tartalom jelenik meg ismer\u0151s\u00f6kt\u0151l, bar\u00e1tokt\u00f3l \u00e9s csal\u00e1dtagokt\u00f3l, \u00e1m a k\u00f6vetett oldalakt\u00f3l, c\u00e9gekt\u0151l sokkal kevesebb. Emiatt term\u00e9szetesen nagyon sokat cs\u00f6kkent a Facebookr\u00f3l \u00e9rkez\u0151 forgalom.<\/p>\r\n<p>Ennek els\u0151 \u00e1ldozat\u00e1r\u00f3l sz\u00e1molt be a Business Insider: <strong>a <a href=\"https:\/\/www.facebook.com\/littlethingscom\/\" target=\"_blank\" rel=\"noopener\">Little Things<\/a> nev\u0171, 12 milli\u00f3 k\u00f6vet\u0151vel rendelkez\u0151 oldal m\u00f6g\u00f6tt \u00e1ll\u00f3 c\u00e9g ugyanis cs\u0151dbe ment.<\/strong><\/p>\r\n<p>Az \u00e9letm\u00f3ddal kapcsolatos bejegyz\u00e9seket \u00e9s vide\u00f3kat k\u00f6zz\u00e9t\u00e9v\u0151 oldalnak az adatok alapj\u00e1n 75 sz\u00e1zal\u00e9kkal esett vissza a forgalma, ezzel egy\u00fctt pedig jelent\u0151s m\u00e9rt\u00e9kben cs\u00f6kkentek a bev\u00e9telei is, \u00edgy nem tudt\u00e1k volna tov\u00e1bb fizetni a mintegy 100 alkalmazottat - \u00edrja a hvg.\u00a0<\/p>\r\n<p>&nbsp;<\/p>","type":"rich","thumbnail_url":null,"thumbnail_width":null,"thumbnail_height":null}