{"version":"1.0","provider_name":"Black Blog","provider_url":"https:\/\/black.cafeblog.hu","author_name":"Lilil\u00e1ny","author_url":"https:\/\/black.cafeblog.hu\/author\/lililany\/","title":"\u0150 Brad Pitt \u00faj bar\u00e1tn\u0151je","html":"<p><strong>A h\u00edrek szerint Angelina Jolie kiakadt.<\/strong><!--more--><\/p>\r\n<p>A h\u00edrek sze\u00adrint Brad Pitt el\u00adcs\u00e1\u00adb\u00ed\u00adtotta fi\u00ada\u00adtal kol\u00adl\u00e9\u00adga\u00adn\u0151\u00adj\u00e9t, akit An\u00adgel\u00adina Jolie is j\u00f3l ismer - \u00edrja a <a href=\"https:\/\/ripost.hu\/cikk-brad-pitt-ella-purnell-fiatal-angelina-jolie-szerelem\" target=\"_blank\" rel=\"noopener noreferrer\">Ripost<\/a>. A lap szerint egy mind\u00f6ssze 21 \u00e9ves sz\u00edn\u00e9szn\u0151\u00a0<strong>Brad Pitt<\/strong>\u00a0bar\u00e1tn\u0151je.\u00a0<\/p>\r\n<p><span class=\"marker\">A sz\u00edn\u00e9sz leg\u00fajabb t\u00e9v\u00e9s projektje k\u00f6zben ismerte meg\u00a0<strong>Ella Purnell<\/strong><strong>t, aki 32 \u00e9vvel fiatalabb a s\u00e1rmos sz\u00edn\u00e9szn\u00e9l.\u00a0<\/strong><\/span><\/p>\r\n[caption id=\"attachment_613\" align=\"alignnone\" width=\"412\"]<img class=\"size-full wp-image-613\" src=\"https:\/\/black.cafeblog.hu\/files\/2017\/10\/prunell_pitt.jpg\" alt=\"\" width=\"412\" height=\"339\" \/> Fot\u00f3: Instagram[\/caption]\r\n<p>A fiatal sz\u00edn\u00e9szn\u0151t\u00a0<strong>Angelina Jolie<\/strong>\u00a0is\u00a0 ismeri, hiszen a\u00a0<strong>Dem\u00f3na c\u00edm\u0171 filmben\u00a0\u0151 alak\u00edtotta Angelina fiatal v\u00e1ltozat\u00e1t. A pletyk\u00e1k szerint\u00a0Jolie ezen durv\u00e1n ki is akadt.\u00a0<\/strong><\/p>","type":"rich","thumbnail_url":null,"thumbnail_width":null,"thumbnail_height":null}